{"id":1250,"date":"2022-10-10T00:34:01","date_gmt":"2022-10-10T00:34:01","guid":{"rendered":"https:\/\/vivirmasfeliz.cl\/wordpress\/que-hacemos-copy\/"},"modified":"2024-02-01T21:42:27","modified_gmt":"2024-02-01T21:42:27","slug":"la-fundacion","status":"publish","type":"page","link":"https:\/\/vivirmasfeliz.cl\/wordpress\/la-fundacion\/","title":{"rendered":"La Fundaci\u00f3n"},"content":{"rendered":"\n\t<section class=\"section hide-for-medium\" id=\"section_430039609\">\n\t\t<div class=\"bg section-bg fill bg-fill  \" >\n\n\t\t\t\n\t\t\t<div class=\"section-bg-overlay absolute fill\"><\/div>\n\t\t\t\n\n\t\t<\/div>\n\n\t\t\n\n\t\t<div class=\"section-content relative\">\n\t\t\t\n\n\n\t\t<\/div>\n\n\t\t\n<style>\n#section_430039609 {\n  padding-top: 0px;\n  padding-bottom: 0px;\n  min-height: 300px;\n}\n#section_430039609 .section-bg-overlay {\n  background-color: rgba(0, 0, 0, 0.45);\n}\n#section_430039609 .section-bg.bg-loaded {\n  background-image: url(https:\/\/vivirmasfeliz.cl\/wordpress\/wp-content\/uploads\/2021\/07\/v1.png);\n}\n#section_430039609 .section-bg {\n  background-position: 64% 49%;\n}\n#section_430039609 .ux-shape-divider--top svg {\n  height: 150px;\n  --divider-top-width: 100%;\n}\n#section_430039609 .ux-shape-divider--bottom svg {\n  height: 150px;\n  --divider-width: 100%;\n}\n@media (min-width:550px) {\n  #section_430039609 {\n    min-height: 400px;\n  }\n}\n@media (min-width:850px) {\n  #section_430039609 {\n    min-height: 290px;\n  }\n}\n<\/style>\n\t<\/section>\n\t\n\t<section class=\"section show-for-small\" id=\"section_378314412\">\n\t\t<div class=\"bg section-bg fill bg-fill  \" >\n\n\t\t\t\n\t\t\t<div class=\"section-bg-overlay absolute fill\"><\/div>\n\t\t\t\n\n\t\t<\/div>\n\n\t\t\n\n\t\t<div class=\"section-content relative\">\n\t\t\t\n\n\n\t\t<\/div>\n\n\t\t\n<style>\n#section_378314412 {\n  padding-top: 0px;\n  padding-bottom: 0px;\n  min-height: 300px;\n}\n#section_378314412 .section-bg-overlay {\n  background-color: rgba(0, 0, 0, 0.45);\n}\n#section_378314412 .section-bg.bg-loaded {\n  background-image: url(https:\/\/vivirmasfeliz.cl\/wordpress\/wp-content\/uploads\/2021\/07\/v1.png);\n}\n#section_378314412 .section-bg {\n  background-position: 64% 49%;\n}\n#section_378314412 .ux-shape-divider--top svg {\n  height: 150px;\n  --divider-top-width: 100%;\n}\n#section_378314412 .ux-shape-divider--bottom svg {\n  height: 150px;\n  --divider-width: 100%;\n}\n@media (min-width:550px) {\n  #section_378314412 {\n    min-height: 400px;\n  }\n}\n@media (min-width:850px) {\n  #section_378314412 {\n    min-height: 290px;\n  }\n}\n<\/style>\n\t<\/section>\n\t\n\t<section class=\"section hide-for-medium\" id=\"section_222904381\">\n\t\t<div class=\"bg section-bg fill bg-fill  bg-loaded\" >\n\n\t\t\t\n\t\t\t\n\t\t\t\n\n\t\t<\/div>\n\n\t\t\n\n\t\t<div class=\"section-content relative\">\n\t\t\t\n\n<div class=\"row align-center\"  id=\"row-111745865\">\n\n\n\t<div id=\"col-692742248\" class=\"col medium-12 small-3 large-4\"  >\n\t\t\t\t<div class=\"col-inner\"  >\n\t\t\t\n\t\t\t\n\n\n\t\t<\/div>\n\t\t\t\t\n<style>\n#col-692742248 > .col-inner {\n  padding: 6% 6% 6% 6%;\n  margin: -80% 0px 0px 0px;\n}\n<\/style>\n\t<\/div>\n\n\t\n\n\t<div id=\"col-2136946545\" class=\"col medium-12 small-12 large-3\"  >\n\t\t\t\t<div class=\"col-inner text-center\" style=\"background-color:rgb(229, 0, 126);\" >\n\t\t\t\n\t<div class=\"is-border\"\n\t\tstyle=\"border-color:rgb(73, 193, 147);border-width:0px 0px 0px 0px;\">\n\t<\/div>\n\t\t\t\n\n<h2><span style=\"color: #ffffff\">La Fundaci\u00f3n<\/span><\/h2>\n\n\t\t<\/div>\n\t\t\t\t\n<style>\n#col-2136946545 > .col-inner {\n  padding: 15% 10% 5% 10%;\n  margin: 0 0px 0px 0px;\n}\n@media (min-width:550px) {\n  #col-2136946545 > .col-inner {\n    padding: 10% 10% 8% 10%;\n  }\n}\n@media (min-width:850px) {\n  #col-2136946545 > .col-inner {\n    padding: 6% 7% 3% 3%;\n    margin: -65px 0px 0px 0px;\n  }\n}\n<\/style>\n\t<\/div>\n\n\t\n\n\t<div id=\"col-758908603\" class=\"col medium-12 small-12 large-4\"  >\n\t\t\t\t<div class=\"col-inner\"  >\n\t\t\t\n\t\t\t\n\n\n\t\t<\/div>\n\t\t\t\t\n<style>\n#col-758908603 > .col-inner {\n  padding: 6% 6% 6% 6%;\n  margin: -54% 0px 0px 0px;\n}\n@media (min-width:550px) {\n  #col-758908603 > .col-inner {\n    margin: -80% 0px 0px 0px;\n  }\n}\n<\/style>\n\t<\/div>\n\n\t\n\n<\/div>\n\n\t\t<\/div>\n\n\t\t\n<style>\n#section_222904381 {\n  padding-top: 16px;\n  padding-bottom: 16px;\n}\n#section_222904381 .ux-shape-divider--top svg {\n  height: 150px;\n  --divider-top-width: 100%;\n}\n#section_222904381 .ux-shape-divider--bottom svg {\n  height: 150px;\n  --divider-width: 100%;\n}\n<\/style>\n\t<\/section>\n\t\n\t<section class=\"section show-for-small\" id=\"section_580821369\">\n\t\t<div class=\"bg section-bg fill bg-fill  bg-loaded\" >\n\n\t\t\t\n\t\t\t\n\t\t\t\n\n\t\t<\/div>\n\n\t\t\n\n\t\t<div class=\"section-content relative\">\n\t\t\t\n\n<div class=\"row align-center\"  id=\"row-421399667\">\n\n\n\t<div id=\"col-378037299\" class=\"col medium-12 small-12 large-3\"  >\n\t\t\t\t<div class=\"col-inner text-center\" style=\"background-color:rgb(229, 0, 126);\" >\n\t\t\t\n\t<div class=\"is-border\"\n\t\tstyle=\"border-color:rgb(73, 193, 147);border-width:0px 0px 0px 0px;\">\n\t<\/div>\n\t\t\t\n\n<h2><span style=\"color: #ffffff\">La Fundaci\u00f3n<\/span><\/h2>\n\n\t\t<\/div>\n\t\t\t\t\n<style>\n#col-378037299 > .col-inner {\n  padding: 6% 10% 5% 10%;\n  margin: -50px 0px 0px 0px;\n}\n@media (min-width:550px) {\n  #col-378037299 > .col-inner {\n    padding: 10% 10% 8% 10%;\n    margin: 0 0px 0px 0px;\n  }\n}\n@media (min-width:850px) {\n  #col-378037299 > .col-inner {\n    padding: 6% 7% 3% 3%;\n    margin: -65px 0px 0px 0px;\n  }\n}\n<\/style>\n\t<\/div>\n\n\t\n\n<\/div>\n\n\t\t<\/div>\n\n\t\t\n<style>\n#section_580821369 {\n  padding-top: 16px;\n  padding-bottom: 16px;\n}\n#section_580821369 .ux-shape-divider--top svg {\n  height: 150px;\n  --divider-top-width: 100%;\n}\n#section_580821369 .ux-shape-divider--bottom svg {\n  height: 150px;\n  --divider-width: 100%;\n}\n<\/style>\n\t<\/section>\n\t\n\t<section class=\"section\" id=\"section_1263490910\">\n\t\t<div class=\"bg section-bg fill bg-fill  bg-loaded\" >\n\n\t\t\t\n\t\t\t\n\t\t\t\n\n\t\t<\/div>\n\n\t\t\n\n\t\t<div class=\"section-content relative\">\n\t\t\t\n\n<div class=\"row align-center\"  id=\"row-598188493\">\n\n\n\t<div id=\"col-1813990090\" class=\"col medium-11 small-12 large-11\"  >\n\t\t\t\t<div class=\"col-inner\"  >\n\t\t\t\n\t\t\t\n\n<p align=\"justify\" style=\"font-size: 105%\">El a\u00f1o 2007 nace el sue\u00f1o de construir un centro para el tratamiento ambulatorio integral de c\u00e1ncer y de trasplante de m\u00e9dula \u00f3sea para ni\u00f1os, donde puedan recibir sus tratamientos m\u00e9dicos y al mismo tiempo, puedan seguir viviendo su ni\u00f1ez con una sonrisa, con apoyo psicosocial y emocional para ellos y sus familias. De esta forma, se crea la Fundaci\u00f3n Vivir m\u00e1s Feliz y en el a\u00f1o 2012, el sue\u00f1o se hace realidad y se inaugura el Centro TROI Calvo Mackenna. \u00bfY ahora? Seguimos so\u00f1ando y haciendo realidad estos sue\u00f1os por la felicidad de los ni\u00f1os con c\u00e1ncer.<\/p>\n\n\t\t<\/div>\n\t\t\t\t\t<\/div>\n\n\t\n\n<\/div>\n\n\t\t<\/div>\n\n\t\t\n<style>\n#section_1263490910 {\n  padding-top: 1px;\n  padding-bottom: 1px;\n}\n#section_1263490910 .ux-shape-divider--top svg {\n  height: 150px;\n  --divider-top-width: 100%;\n}\n#section_1263490910 .ux-shape-divider--bottom svg {\n  height: 150px;\n  --divider-width: 100%;\n}\n<\/style>\n\t<\/section>\n\t\n\t<section class=\"section\" id=\"section_471906331\">\n\t\t<div class=\"bg section-bg fill bg-fill  bg-loaded\" >\n\n\t\t\t\n\t\t\t\n\t\t\t\n\n\t\t<\/div>\n\n\t\t\n\n\t\t<div class=\"section-content relative\">\n\t\t\t\n\n<div class=\"row align-center\"  id=\"row-987759678\">\n\n\n\t<div id=\"col-429590068\" class=\"col medium-4 small-12 large-4\"  >\n\t\t\t\t<div class=\"col-inner\"  >\n\t\t\t\n\t\t\t\n\n<h3><span style=\"color: #ffffff;\">Nuestra Misi\u00f3n<\/span><\/h3>\n<p style=\"font-size: 100%;\" align=\"justify\"><span style=\"color: #ffffff;\">Mejorar la calidad de vida de los ni\u00f1os con c\u00e1ncer para que puedan seguir siendo ni\u00f1os.<\/span><\/p>\n\n\t\t<\/div>\n\t\t\t\t\t<\/div>\n\n\t\n\n\t<div id=\"col-1075446766\" class=\"col medium-4 small-12 large-4\"  >\n\t\t\t\t<div class=\"col-inner\"  >\n\t\t\t\n\t\t\t\n\n<h3><span style=\"color: #ffffff;\">Nuestra Visi\u00f3n<\/span><\/h3>\n<p style=\"font-size: 100%;\" align=\"justify\"><span style=\"color: #ffffff;\">Transformar la forma de dar-recibir salud a trav\u00e9s de tratamientos integrales centrados en los ni\u00f1os, y no solo en la enfermedad, para mejorar, humanizar y dignificar su experiencia e impacto emocional y familiar; para que puedan vivir su ni\u00f1ez con una sonrisa.<\/span><\/p>\n\n\t\t<\/div>\n\t\t\t\t\t<\/div>\n\n\t\n\n\t<div id=\"col-1605649412\" class=\"col medium-4 small-12 large-4\"  >\n\t\t\t\t<div class=\"col-inner\"  >\n\t\t\t\n\t\t\t\n\n<h3><span style=\"color: #ffffff;\">Nuestros Principios y Valores<\/span><\/h3>\n<p style=\"font-size: 100%;\" align=\"justify\"><span style=\"color: #ffffff;\">Nuestro principio fundamental es estar CENTRADOS EN LOS NI\u00d1OS, y no solo en la enfermedad, donde nuestro COMPROMISO es con ellos, y sus FAMILIAS, contribuyendo en sus tratamientos, BIENESTAR y FELICIDAD; trabajamos en base al RESPETO, INTEGRIDAD, DIGNIDAD, COLABORACI\u00d3N e INNOVACI\u00d3N.<\/span><\/p>\n\n\t\t<\/div>\n\t\t\t\t\t<\/div>\n\n\t\n\n<\/div>\n\n\t\t<\/div>\n\n\t\t\n<style>\n#section_471906331 {\n  padding-top: 30px;\n  padding-bottom: 30px;\n  background-color: rgb(42, 125, 226);\n}\n#section_471906331 .ux-shape-divider--top svg {\n  height: 150px;\n  --divider-top-width: 100%;\n}\n#section_471906331 .ux-shape-divider--bottom svg {\n  height: 150px;\n  --divider-width: 100%;\n}\n<\/style>\n\t<\/section>\n\t\n\t<section class=\"section\" id=\"section_1446883932\">\n\t\t<div class=\"bg section-bg fill bg-fill  bg-loaded\" >\n\n\t\t\t\n\t\t\t\n\t\t\t\n\n\t\t<\/div>\n\n\t\t\n\n\t\t<div class=\"section-content relative\">\n\t\t\t\n\n<div class=\"container section-title-container\" ><h3 class=\"section-title section-title-center\"><b><\/b><span class=\"section-title-main\" >Directorio<\/span><b><\/b><\/h3><\/div>\n\n<div class=\"row align-center\"  id=\"row-2070962767\">\n\n\n\t<div id=\"col-1617904298\" class=\"col medium-2 small-12 large-2\"  >\n\t\t\t\t<div class=\"col-inner\"  >\n\t\t\t\n\t\t\t\n\n    <div class=\"box has-hover has-hover box-text-bottom\" >\n\n                  <div class=\"box-image \" style=\"width:80%;\">\n           <div class=\"box-image-inner image-cover\" style=\"border-radius:100%;padding-top:100%;\">\n              <img loading=\"lazy\" decoding=\"async\" width=\"1024\" height=\"995\" src=\"https:\/\/vivirmasfeliz.cl\/wordpress\/wp-content\/uploads\/2021\/07\/directorioyequipo_ARI.jpeg\" class=\"attachment- size-\" alt=\"\" srcset=\"https:\/\/vivirmasfeliz.cl\/wordpress\/wp-content\/uploads\/2021\/07\/directorioyequipo_ARI.jpeg 1024w, https:\/\/vivirmasfeliz.cl\/wordpress\/wp-content\/uploads\/2021\/07\/directorioyequipo_ARI-412x400.jpeg 412w, https:\/\/vivirmasfeliz.cl\/wordpress\/wp-content\/uploads\/2021\/07\/directorioyequipo_ARI-823x800.jpeg 823w, https:\/\/vivirmasfeliz.cl\/wordpress\/wp-content\/uploads\/2021\/07\/directorioyequipo_ARI-768x746.jpeg 768w\" sizes=\"auto, (max-width: 1024px) 100vw, 1024px\" \/>                         <\/div>\n          <\/div>\n         \n          <div class=\"box-text text-center\" >\n                <div class=\"box-text-inner\">\n                  <h4 class=\"uppercase\">\n                    <span class=\"person-name\">Arie Rezepka<\/span><br\/>\n                    <span class=\"person-title is-small thin-font op-7\">\n                      FUNDADOR-PDTE                    <\/span>\n                  <\/h4>\n                                  \n\n<p>&nbsp;<\/p>\n\n                <\/div>\n          <\/div>\n    <\/div>\n\n    \n    \n\n\t\t<\/div>\n\t\t\t\t\t<\/div>\n\n\t\n\n\t<div id=\"col-960718853\" class=\"col medium-2 small-12 large-2\"  >\n\t\t\t\t<div class=\"col-inner\"  >\n\t\t\t\n\t\t\t\n\n    <div class=\"box has-hover has-hover box-text-bottom\" >\n\n                  <div class=\"box-image \" style=\"width:80%;\">\n           <div class=\"box-image-inner image-cover\" style=\"border-radius:100%;padding-top:100%;\">\n              <img loading=\"lazy\" decoding=\"async\" width=\"1024\" height=\"995\" src=\"https:\/\/vivirmasfeliz.cl\/wordpress\/wp-content\/uploads\/2021\/08\/Ale.jpg\" class=\"attachment- size-\" alt=\"\" srcset=\"https:\/\/vivirmasfeliz.cl\/wordpress\/wp-content\/uploads\/2021\/08\/Ale.jpg 1024w, https:\/\/vivirmasfeliz.cl\/wordpress\/wp-content\/uploads\/2021\/08\/Ale-412x400.jpg 412w, https:\/\/vivirmasfeliz.cl\/wordpress\/wp-content\/uploads\/2021\/08\/Ale-823x800.jpg 823w, https:\/\/vivirmasfeliz.cl\/wordpress\/wp-content\/uploads\/2021\/08\/Ale-768x746.jpg 768w\" sizes=\"auto, (max-width: 1024px) 100vw, 1024px\" \/>                         <\/div>\n          <\/div>\n         \n          <div class=\"box-text text-center\" >\n                <div class=\"box-text-inner\">\n                  <h4 class=\"uppercase\">\n                    <span class=\"person-name\">Ale Mustakis<\/span><br\/>\n                    <span class=\"person-title is-small thin-font op-7\">\n                      Directora                    <\/span>\n                  <\/h4>\n                                  \n\n\n                <\/div>\n          <\/div>\n    <\/div>\n\n    \n    \n\n\t\t<\/div>\n\t\t\t\t\t<\/div>\n\n\t\n\n\t<div id=\"col-409866145\" class=\"col medium-2 small-12 large-2\"  >\n\t\t\t\t<div class=\"col-inner\"  >\n\t\t\t\n\t\t\t\n\n    <div class=\"box has-hover has-hover box-text-bottom\" >\n\n                  <div class=\"box-image \" style=\"width:80%;\">\n           <div class=\"box-image-inner image-cover\" style=\"border-radius:100%;padding-top:100%;\">\n              <img loading=\"lazy\" decoding=\"async\" width=\"1024\" height=\"995\" src=\"https:\/\/vivirmasfeliz.cl\/wordpress\/wp-content\/uploads\/2021\/08\/HANS.jpg\" class=\"attachment- size-\" alt=\"\" srcset=\"https:\/\/vivirmasfeliz.cl\/wordpress\/wp-content\/uploads\/2021\/08\/HANS.jpg 1024w, https:\/\/vivirmasfeliz.cl\/wordpress\/wp-content\/uploads\/2021\/08\/HANS-412x400.jpg 412w, https:\/\/vivirmasfeliz.cl\/wordpress\/wp-content\/uploads\/2021\/08\/HANS-823x800.jpg 823w, https:\/\/vivirmasfeliz.cl\/wordpress\/wp-content\/uploads\/2021\/08\/HANS-768x746.jpg 768w\" sizes=\"auto, (max-width: 1024px) 100vw, 1024px\" \/>                         <\/div>\n          <\/div>\n         \n          <div class=\"box-text text-center\" >\n                <div class=\"box-text-inner\">\n                  <h4 class=\"uppercase\">\n                    <span class=\"person-name\">Hans Eben<\/span><br\/>\n                    <span class=\"person-title is-small thin-font op-7\">\n                      director                    <\/span>\n                  <\/h4>\n                                  \n\n\n                <\/div>\n          <\/div>\n    <\/div>\n\n    \n    \n\n\t\t<\/div>\n\t\t\t\t\t<\/div>\n\n\t\n\n\t<div id=\"col-895394290\" class=\"col medium-2 small-12 large-2\"  >\n\t\t\t\t<div class=\"col-inner\"  >\n\t\t\t\n\t\t\t\n\n    <div class=\"box has-hover has-hover box-text-bottom\" >\n\n                  <div class=\"box-image \" style=\"width:80%;\">\n           <div class=\"box-image-inner image-cover\" style=\"border-radius:100%;padding-top:100%;\">\n              <img loading=\"lazy\" decoding=\"async\" width=\"1024\" height=\"995\" src=\"https:\/\/vivirmasfeliz.cl\/wordpress\/wp-content\/uploads\/2021\/08\/J.Miguel.jpg\" class=\"attachment- size-\" alt=\"\" srcset=\"https:\/\/vivirmasfeliz.cl\/wordpress\/wp-content\/uploads\/2021\/08\/J.Miguel.jpg 1024w, https:\/\/vivirmasfeliz.cl\/wordpress\/wp-content\/uploads\/2021\/08\/J.Miguel-412x400.jpg 412w, https:\/\/vivirmasfeliz.cl\/wordpress\/wp-content\/uploads\/2021\/08\/J.Miguel-823x800.jpg 823w, https:\/\/vivirmasfeliz.cl\/wordpress\/wp-content\/uploads\/2021\/08\/J.Miguel-768x746.jpg 768w\" sizes=\"auto, (max-width: 1024px) 100vw, 1024px\" \/>                         <\/div>\n          <\/div>\n         \n          <div class=\"box-text text-center\" >\n                <div class=\"box-text-inner\">\n                  <h4 class=\"uppercase\">\n                    <span class=\"person-name\">Jos\u00e9 Miguel Martabid<\/span><br\/>\n                    <span class=\"person-title is-small thin-font op-7\">\n                      director araucan\u00eda                    <\/span>\n                  <\/h4>\n                                  \n\n\n                <\/div>\n          <\/div>\n    <\/div>\n\n    \n    \n\n\t\t<\/div>\n\t\t\t\t\t<\/div>\n\n\t\n\n\t<div id=\"col-918752642\" class=\"col medium-2 small-12 large-2\"  >\n\t\t\t\t<div class=\"col-inner\"  >\n\t\t\t\n\t\t\t\n\n    <div class=\"box has-hover has-hover box-text-bottom\" >\n\n                  <div class=\"box-image \" style=\"width:80%;\">\n           <div class=\"box-image-inner image-cover\" style=\"border-radius:100%;padding-top:100%;\">\n              <img loading=\"lazy\" decoding=\"async\" width=\"1024\" height=\"995\" src=\"https:\/\/vivirmasfeliz.cl\/wordpress\/wp-content\/uploads\/2021\/08\/JP.jpg\" class=\"attachment- size-\" alt=\"\" srcset=\"https:\/\/vivirmasfeliz.cl\/wordpress\/wp-content\/uploads\/2021\/08\/JP.jpg 1024w, https:\/\/vivirmasfeliz.cl\/wordpress\/wp-content\/uploads\/2021\/08\/JP-412x400.jpg 412w, https:\/\/vivirmasfeliz.cl\/wordpress\/wp-content\/uploads\/2021\/08\/JP-823x800.jpg 823w, https:\/\/vivirmasfeliz.cl\/wordpress\/wp-content\/uploads\/2021\/08\/JP-768x746.jpg 768w\" sizes=\"auto, (max-width: 1024px) 100vw, 1024px\" \/>                         <\/div>\n          <\/div>\n         \n          <div class=\"box-text text-center\" >\n                <div class=\"box-text-inner\">\n                  <h4 class=\"uppercase\">\n                    <span class=\"person-name\">Juan Pablo Sol\u00eds de Ovando<\/span><br\/>\n                    <span class=\"person-title is-small thin-font op-7\">\n                      director                    <\/span>\n                  <\/h4>\n                                  \n\n\n                <\/div>\n          <\/div>\n    <\/div>\n\n    \n    \n\n\t\t<\/div>\n\t\t\t\t\t<\/div>\n\n\t\n\n\t<div id=\"col-364727173\" class=\"col medium-2 small-12 large-2\"  >\n\t\t\t\t<div class=\"col-inner\"  >\n\t\t\t\n\t\t\t\n\n    <div class=\"box has-hover has-hover box-text-bottom\" >\n\n                  <div class=\"box-image \" style=\"width:80%;\">\n           <div class=\"box-image-inner image-cover\" style=\"border-radius:100%;padding-top:100%;\">\n              <img loading=\"lazy\" decoding=\"async\" width=\"1024\" height=\"995\" src=\"https:\/\/vivirmasfeliz.cl\/wordpress\/wp-content\/uploads\/2021\/08\/Leo.jpg\" class=\"attachment- size-\" alt=\"\" srcset=\"https:\/\/vivirmasfeliz.cl\/wordpress\/wp-content\/uploads\/2021\/08\/Leo.jpg 1024w, https:\/\/vivirmasfeliz.cl\/wordpress\/wp-content\/uploads\/2021\/08\/Leo-412x400.jpg 412w, https:\/\/vivirmasfeliz.cl\/wordpress\/wp-content\/uploads\/2021\/08\/Leo-823x800.jpg 823w, https:\/\/vivirmasfeliz.cl\/wordpress\/wp-content\/uploads\/2021\/08\/Leo-768x746.jpg 768w\" sizes=\"auto, (max-width: 1024px) 100vw, 1024px\" \/>                         <\/div>\n          <\/div>\n         \n          <div class=\"box-text text-center\" >\n                <div class=\"box-text-inner\">\n                  <h4 class=\"uppercase\">\n                    <span class=\"person-name\">Leo Prieto<\/span><br\/>\n                    <span class=\"person-title is-small thin-font op-7\">\n                      DIRECTOR                    <\/span>\n                  <\/h4>\n                                  \n\n\n                <\/div>\n          <\/div>\n    <\/div>\n\n    \n    \n\n\t\t<\/div>\n\t\t\t\t\t<\/div>\n\n\t\n\n<\/div>\n<div class=\"row align-center\"  id=\"row-985632187\">\n\n\n\t<div id=\"col-2091384465\" class=\"col medium-2 small-12 large-2\"  >\n\t\t\t\t<div class=\"col-inner\"  >\n\t\t\t\n\t\t\t\n\n    <div class=\"box has-hover has-hover box-text-bottom\" >\n\n                  <div class=\"box-image \" style=\"width:80%;\">\n           <div class=\"box-image-inner image-cover\" style=\"border-radius:100%;padding-top:100%;\">\n              <img loading=\"lazy\" decoding=\"async\" width=\"1024\" height=\"995\" src=\"https:\/\/vivirmasfeliz.cl\/wordpress\/wp-content\/uploads\/2021\/08\/Monica.jpg\" class=\"attachment- size-\" alt=\"\" srcset=\"https:\/\/vivirmasfeliz.cl\/wordpress\/wp-content\/uploads\/2021\/08\/Monica.jpg 1024w, https:\/\/vivirmasfeliz.cl\/wordpress\/wp-content\/uploads\/2021\/08\/Monica-412x400.jpg 412w, https:\/\/vivirmasfeliz.cl\/wordpress\/wp-content\/uploads\/2021\/08\/Monica-823x800.jpg 823w, https:\/\/vivirmasfeliz.cl\/wordpress\/wp-content\/uploads\/2021\/08\/Monica-768x746.jpg 768w\" sizes=\"auto, (max-width: 1024px) 100vw, 1024px\" \/>                         <\/div>\n          <\/div>\n         \n          <div class=\"box-text text-center\" >\n                <div class=\"box-text-inner\">\n                  <h4 class=\"uppercase\">\n                    <span class=\"person-name\">Psic. M\u00f3nica L\u00f3pez<\/span><br\/>\n                    <span class=\"person-title is-small thin-font op-7\">\n                      DIRECTORA                    <\/span>\n                  <\/h4>\n                                  \n\n<p>&nbsp;<\/p>\n\n                <\/div>\n          <\/div>\n    <\/div>\n\n    \n    \n\n\t\t<\/div>\n\t\t\t\t\t<\/div>\n\n\t\n\n\t<div id=\"col-395192752\" class=\"col medium-2 small-12 large-2\"  >\n\t\t\t\t<div class=\"col-inner\"  >\n\t\t\t\n\t\t\t\n\n    <div class=\"box has-hover has-hover box-text-bottom\" >\n\n                  <div class=\"box-image \" style=\"width:80%;\">\n           <div class=\"box-image-inner image-cover\" style=\"border-radius:100%;padding-top:100%;\">\n              <img loading=\"lazy\" decoding=\"async\" width=\"1024\" height=\"995\" src=\"https:\/\/vivirmasfeliz.cl\/wordpress\/wp-content\/uploads\/2021\/08\/PATY.jpg\" class=\"attachment- size-\" alt=\"\" srcset=\"https:\/\/vivirmasfeliz.cl\/wordpress\/wp-content\/uploads\/2021\/08\/PATY.jpg 1024w, https:\/\/vivirmasfeliz.cl\/wordpress\/wp-content\/uploads\/2021\/08\/PATY-412x400.jpg 412w, https:\/\/vivirmasfeliz.cl\/wordpress\/wp-content\/uploads\/2021\/08\/PATY-823x800.jpg 823w, https:\/\/vivirmasfeliz.cl\/wordpress\/wp-content\/uploads\/2021\/08\/PATY-768x746.jpg 768w\" sizes=\"auto, (max-width: 1024px) 100vw, 1024px\" \/>                         <\/div>\n          <\/div>\n         \n          <div class=\"box-text text-center\" >\n                <div class=\"box-text-inner\">\n                  <h4 class=\"uppercase\">\n                    <span class=\"person-name\">Patricia Ready<\/span><br\/>\n                    <span class=\"person-title is-small thin-font op-7\">\n                      DIRECTORA                    <\/span>\n                  <\/h4>\n                                  \n\n\n                <\/div>\n          <\/div>\n    <\/div>\n\n    \n    \n\n\t\t<\/div>\n\t\t\t\t\t<\/div>\n\n\t\n\n\t<div id=\"col-1214854210\" class=\"col medium-2 small-12 large-2\"  >\n\t\t\t\t<div class=\"col-inner\"  >\n\t\t\t\n\t\t\t\n\n    <div class=\"box has-hover has-hover box-text-bottom\" >\n\n                  <div class=\"box-image \" style=\"width:80%;\">\n           <div class=\"box-image-inner image-cover\" style=\"border-radius:100%;padding-top:100%;\">\n              <img loading=\"lazy\" decoding=\"async\" width=\"1024\" height=\"995\" src=\"https:\/\/vivirmasfeliz.cl\/wordpress\/wp-content\/uploads\/2021\/08\/Camhi.jpg\" class=\"attachment- size-\" alt=\"\" srcset=\"https:\/\/vivirmasfeliz.cl\/wordpress\/wp-content\/uploads\/2021\/08\/Camhi.jpg 1024w, https:\/\/vivirmasfeliz.cl\/wordpress\/wp-content\/uploads\/2021\/08\/Camhi-412x400.jpg 412w, https:\/\/vivirmasfeliz.cl\/wordpress\/wp-content\/uploads\/2021\/08\/Camhi-823x800.jpg 823w, https:\/\/vivirmasfeliz.cl\/wordpress\/wp-content\/uploads\/2021\/08\/Camhi-768x746.jpg 768w\" sizes=\"auto, (max-width: 1024px) 100vw, 1024px\" \/>                         <\/div>\n          <\/div>\n         \n          <div class=\"box-text text-center\" >\n                <div class=\"box-text-inner\">\n                  <h4 class=\"uppercase\">\n                    <span class=\"person-name\">Roberto Camhi<\/span><br\/>\n                    <span class=\"person-title is-small thin-font op-7\">\n                      DIRECTOR                    <\/span>\n                  <\/h4>\n                                  \n\n\n                <\/div>\n          <\/div>\n    <\/div>\n\n    \n    \n\n\t\t<\/div>\n\t\t\t\t\t<\/div>\n\n\t\n\n\t<div id=\"col-362031534\" class=\"col medium-2 small-12 large-2\"  >\n\t\t\t\t<div class=\"col-inner\"  >\n\t\t\t\n\t\t\t\n\n    <div class=\"box has-hover has-hover box-text-bottom\" >\n\n                  <div class=\"box-image \" style=\"width:80%;\">\n           <div class=\"box-image-inner image-cover\" style=\"border-radius:100%;padding-top:100%;\">\n              <img loading=\"lazy\" decoding=\"async\" width=\"547\" height=\"547\" src=\"https:\/\/vivirmasfeliz.cl\/wordpress\/wp-content\/uploads\/2021\/08\/ssalas.png\" class=\"attachment- size-\" alt=\"\" srcset=\"https:\/\/vivirmasfeliz.cl\/wordpress\/wp-content\/uploads\/2021\/08\/ssalas.png 547w, https:\/\/vivirmasfeliz.cl\/wordpress\/wp-content\/uploads\/2021\/08\/ssalas-400x400.png 400w, https:\/\/vivirmasfeliz.cl\/wordpress\/wp-content\/uploads\/2021\/08\/ssalas-280x280.png 280w\" sizes=\"auto, (max-width: 547px) 100vw, 547px\" \/>                         <\/div>\n          <\/div>\n         \n          <div class=\"box-text text-center\" >\n                <div class=\"box-text-inner\">\n                  <h4 class=\"uppercase\">\n                    <span class=\"person-name\">Dr. Sergio Salas<\/span><br\/>\n                    <span class=\"person-title is-small thin-font op-7\">\n                      DIRECTOR                    <\/span>\n                  <\/h4>\n                                  \n\n\n                <\/div>\n          <\/div>\n    <\/div>\n\n    \n    \n\n\t\t<\/div>\n\t\t\t\t\t<\/div>\n\n\t\n\n\t<div id=\"col-1885928641\" class=\"col medium-2 small-12 large-2\"  >\n\t\t\t\t<div class=\"col-inner\"  >\n\t\t\t\n\t\t\t\n\n    <div class=\"box has-hover has-hover box-text-bottom\" >\n\n                  <div class=\"box-image \" style=\"width:80%;\">\n           <div class=\"box-image-inner image-cover\" style=\"border-radius:100%;padding-top:100%;\">\n              <img loading=\"lazy\" decoding=\"async\" width=\"1024\" height=\"995\" src=\"https:\/\/vivirmasfeliz.cl\/wordpress\/wp-content\/uploads\/2021\/08\/VIVI.jpg\" class=\"attachment- size-\" alt=\"\" srcset=\"https:\/\/vivirmasfeliz.cl\/wordpress\/wp-content\/uploads\/2021\/08\/VIVI.jpg 1024w, https:\/\/vivirmasfeliz.cl\/wordpress\/wp-content\/uploads\/2021\/08\/VIVI-412x400.jpg 412w, https:\/\/vivirmasfeliz.cl\/wordpress\/wp-content\/uploads\/2021\/08\/VIVI-823x800.jpg 823w, https:\/\/vivirmasfeliz.cl\/wordpress\/wp-content\/uploads\/2021\/08\/VIVI-768x746.jpg 768w\" sizes=\"auto, (max-width: 1024px) 100vw, 1024px\" \/>                         <\/div>\n          <\/div>\n         \n          <div class=\"box-text text-center\" >\n                <div class=\"box-text-inner\">\n                  <h4 class=\"uppercase\">\n                    <span class=\"person-name\">Viviana Rosenberg<\/span><br\/>\n                    <span class=\"person-title is-small thin-font op-7\">\n                      DIRECTORA ARAUCAN\u00cdA                    <\/span>\n                  <\/h4>\n                                  \n\n\n                <\/div>\n          <\/div>\n    <\/div>\n\n    \n    \n\n\t\t<\/div>\n\t\t\t\t\t<\/div>\n\n\t\n\n\t<div id=\"col-1640321407\" class=\"col medium-2 small-12 large-2\"  >\n\t\t\t\t<div class=\"col-inner\"  >\n\t\t\t\n\t\t\t\n\n    <div class=\"box has-hover has-hover box-text-bottom\" >\n\n                  <div class=\"box-image \" style=\"width:80%;\">\n           <div class=\"box-image-inner image-cover\" style=\"border-radius:100%;padding-top:100%;\">\n              <img loading=\"lazy\" decoding=\"async\" width=\"1024\" height=\"995\" src=\"https:\/\/vivirmasfeliz.cl\/wordpress\/wp-content\/uploads\/2021\/08\/Alan.jpg\" class=\"attachment- size-\" alt=\"\" srcset=\"https:\/\/vivirmasfeliz.cl\/wordpress\/wp-content\/uploads\/2021\/08\/Alan.jpg 1024w, https:\/\/vivirmasfeliz.cl\/wordpress\/wp-content\/uploads\/2021\/08\/Alan-412x400.jpg 412w, https:\/\/vivirmasfeliz.cl\/wordpress\/wp-content\/uploads\/2021\/08\/Alan-823x800.jpg 823w, https:\/\/vivirmasfeliz.cl\/wordpress\/wp-content\/uploads\/2021\/08\/Alan-768x746.jpg 768w\" sizes=\"auto, (max-width: 1024px) 100vw, 1024px\" \/>                         <\/div>\n          <\/div>\n         \n          <div class=\"box-text text-center\" >\n                <div class=\"box-text-inner\">\n                  <h4 class=\"uppercase\">\n                    <span class=\"person-name\">Alan Weschler<\/span><br\/>\n                    <span class=\"person-title is-small thin-font op-7\">\n                      DIRECTOR                    <\/span>\n                  <\/h4>\n                                  \n\n\n                <\/div>\n          <\/div>\n    <\/div>\n\n    \n    \n\n\t\t<\/div>\n\t\t\t\t\t<\/div>\n\n\t\n\n<\/div>\n\n\t\t<\/div>\n\n\t\t\n<style>\n#section_1446883932 {\n  padding-top: 30px;\n  padding-bottom: 30px;\n}\n#section_1446883932 .ux-shape-divider--top svg {\n  height: 150px;\n  --divider-top-width: 100%;\n}\n#section_1446883932 .ux-shape-divider--bottom svg {\n  height: 150px;\n  --divider-width: 100%;\n}\n<\/style>\n\t<\/section>\n\t\n\t<section class=\"section\" id=\"section_306240370\">\n\t\t<div class=\"bg section-bg fill bg-fill  bg-loaded\" >\n\n\t\t\t\n\t\t\t\n\t\t\t\n\n\t\t<\/div>\n\n\t\t\n\n\t\t<div class=\"section-content relative\">\n\t\t\t\n\n<div class=\"container section-title-container\" ><h3 class=\"section-title section-title-center\"><b><\/b><span class=\"section-title-main\" style=\"color:rgb(255, 255, 255);\">EQUIPO EJECUTIVO<\/span><b><\/b><\/h3><\/div>\n\n<div class=\"row align-center\"  id=\"row-503975942\">\n\n\n\t<div id=\"col-1402819138\" class=\"col medium-2 small-12 large-2\"  >\n\t\t\t\t<div class=\"col-inner\"  >\n\t\t\t\n\t\t\t\n\n    <div class=\"box has-hover has-hover box-text-bottom\" >\n\n                  <div class=\"box-image \" style=\"width:80%;\">\n           <div class=\"box-image-inner image-cover\" style=\"border-radius:100%;padding-top:100%;\">\n              <img loading=\"lazy\" decoding=\"async\" width=\"382\" height=\"530\" src=\"https:\/\/vivirmasfeliz.cl\/wordpress\/wp-content\/uploads\/2023\/01\/Patricia-Diaz.jpeg\" class=\"attachment- size-\" alt=\"\" srcset=\"https:\/\/vivirmasfeliz.cl\/wordpress\/wp-content\/uploads\/2023\/01\/Patricia-Diaz.jpeg 382w, https:\/\/vivirmasfeliz.cl\/wordpress\/wp-content\/uploads\/2023\/01\/Patricia-Diaz-288x400.jpeg 288w\" sizes=\"auto, (max-width: 382px) 100vw, 382px\" \/>                         <\/div>\n          <\/div>\n         \n          <div class=\"box-text text-center dark\" >\n                <div class=\"box-text-inner\">\n                  <h4 class=\"uppercase\">\n                    <span class=\"person-name\">Patricia D\u00edaz<\/span><br\/>\n                    <span class=\"person-title is-small thin-font op-7\">\n                      GERENTE GENERAL                    <\/span>\n                  <\/h4>\n                                  \n\n<p>&nbsp;<\/p>\n\n                <\/div>\n          <\/div>\n    <\/div>\n\n    \n    \n\n\t\t<\/div>\n\t\t\t\t\t<\/div>\n\n\t\n\n\t<div id=\"col-1084668530\" class=\"col medium-2 small-12 large-2\"  >\n\t\t\t\t<div class=\"col-inner\"  >\n\t\t\t\n\t\t\t\n\n    <div class=\"box has-hover has-hover box-text-bottom\" >\n\n                  <div class=\"box-image \" style=\"width:80%;\">\n           <div class=\"box-image-inner image-cover\" style=\"border-radius:100%;padding-top:100%;\">\n              <img loading=\"lazy\" decoding=\"async\" width=\"462\" height=\"652\" src=\"https:\/\/vivirmasfeliz.cl\/wordpress\/wp-content\/uploads\/2023\/08\/Joceline-Melendez.jpeg\" class=\"attachment- size-\" alt=\"\" srcset=\"https:\/\/vivirmasfeliz.cl\/wordpress\/wp-content\/uploads\/2023\/08\/Joceline-Melendez.jpeg 462w, https:\/\/vivirmasfeliz.cl\/wordpress\/wp-content\/uploads\/2023\/08\/Joceline-Melendez-283x400.jpeg 283w\" sizes=\"auto, (max-width: 462px) 100vw, 462px\" \/>                         <\/div>\n          <\/div>\n         \n          <div class=\"box-text text-center dark\" >\n                <div class=\"box-text-inner\">\n                  <h4 class=\"uppercase\">\n                    <span class=\"person-name\">Joceline Melendez<\/span><br\/>\n                    <span class=\"person-title is-small thin-font op-7\">\n                      coordinadora de Programas                    <\/span>\n                  <\/h4>\n                                  \n\n<p>&nbsp;<\/p>\n\n                <\/div>\n          <\/div>\n    <\/div>\n\n    \n    \n\n\t\t<\/div>\n\t\t\t\t\t<\/div>\n\n\t\n\n\t<div id=\"col-1168503648\" class=\"col medium-2 small-12 large-2\"  >\n\t\t\t\t<div class=\"col-inner\"  >\n\t\t\t\n\t\t\t\n\n    <div class=\"box has-hover has-hover box-text-bottom\" >\n\n                  <div class=\"box-image \" style=\"width:80%;\">\n           <div class=\"box-image-inner image-cover\" style=\"border-radius:100%;padding-top:100%;\">\n              <img loading=\"lazy\" decoding=\"async\" width=\"1024\" height=\"995\" src=\"https:\/\/vivirmasfeliz.cl\/wordpress\/wp-content\/uploads\/2021\/08\/PANCHA.jpg\" class=\"attachment- size-\" alt=\"\" srcset=\"https:\/\/vivirmasfeliz.cl\/wordpress\/wp-content\/uploads\/2021\/08\/PANCHA.jpg 1024w, https:\/\/vivirmasfeliz.cl\/wordpress\/wp-content\/uploads\/2021\/08\/PANCHA-412x400.jpg 412w, https:\/\/vivirmasfeliz.cl\/wordpress\/wp-content\/uploads\/2021\/08\/PANCHA-823x800.jpg 823w, https:\/\/vivirmasfeliz.cl\/wordpress\/wp-content\/uploads\/2021\/08\/PANCHA-768x746.jpg 768w\" sizes=\"auto, (max-width: 1024px) 100vw, 1024px\" \/>                         <\/div>\n          <\/div>\n         \n          <div class=\"box-text text-center dark\" >\n                <div class=\"box-text-inner\">\n                  <h4 class=\"uppercase\">\n                    <span class=\"person-name\">Francisca Ceresa<\/span><br\/>\n                    <span class=\"person-title is-small thin-font op-7\">\n                      COORDINADORA COMERCIAL                    <\/span>\n                  <\/h4>\n                                  \n\n\n                <\/div>\n          <\/div>\n    <\/div>\n\n    \n    \n\n\t\t<\/div>\n\t\t\t\t\t<\/div>\n\n\t\n\n\t<div id=\"col-961782372\" class=\"col medium-2 small-12 large-2\"  >\n\t\t\t\t<div class=\"col-inner\"  >\n\t\t\t\n\t\t\t\n\n    <div class=\"box has-hover has-hover box-text-bottom\" >\n\n                  <div class=\"box-image \" style=\"width:80%;\">\n           <div class=\"box-image-inner image-cover\" style=\"border-radius:100%;padding-top:100%;\">\n              <img loading=\"lazy\" decoding=\"async\" width=\"900\" height=\"1600\" src=\"https:\/\/vivirmasfeliz.cl\/wordpress\/wp-content\/uploads\/2023\/01\/Francisca-Bravo.jpg\" class=\"attachment- size-\" alt=\"\" srcset=\"https:\/\/vivirmasfeliz.cl\/wordpress\/wp-content\/uploads\/2023\/01\/Francisca-Bravo.jpg 900w, https:\/\/vivirmasfeliz.cl\/wordpress\/wp-content\/uploads\/2023\/01\/Francisca-Bravo-225x400.jpg 225w, https:\/\/vivirmasfeliz.cl\/wordpress\/wp-content\/uploads\/2023\/01\/Francisca-Bravo-450x800.jpg 450w, https:\/\/vivirmasfeliz.cl\/wordpress\/wp-content\/uploads\/2023\/01\/Francisca-Bravo-768x1365.jpg 768w, https:\/\/vivirmasfeliz.cl\/wordpress\/wp-content\/uploads\/2023\/01\/Francisca-Bravo-864x1536.jpg 864w\" sizes=\"auto, (max-width: 900px) 100vw, 900px\" \/>                         <\/div>\n          <\/div>\n         \n          <div class=\"box-text text-center dark\" >\n                <div class=\"box-text-inner\">\n                  <h4 class=\"uppercase\">\n                    <span class=\"person-name\">Francisca Bravo<\/span><br\/>\n                    <span class=\"person-title is-small thin-font op-7\">\n                      COORDINADORA COMUNICACI\u00d3N                    <\/span>\n                  <\/h4>\n                                  \n\n\n                <\/div>\n          <\/div>\n    <\/div>\n\n    \n    \n\n\t\t<\/div>\n\t\t\t\t\t<\/div>\n\n\t\n\n\t<div id=\"col-364964702\" class=\"col medium-2 small-12 large-2\"  >\n\t\t\t\t<div class=\"col-inner\"  >\n\t\t\t\n\t\t\t\n\n    <div class=\"box has-hover has-hover box-text-bottom\" >\n\n                  <div class=\"box-image \" style=\"width:80%;\">\n           <div class=\"box-image-inner image-cover\" style=\"border-radius:100%;padding-top:100%;\">\n              <img loading=\"lazy\" decoding=\"async\" width=\"480\" height=\"640\" src=\"https:\/\/vivirmasfeliz.cl\/wordpress\/wp-content\/uploads\/2023\/08\/Leidy-Ramirez2-rotated.jpg\" class=\"attachment- size-\" alt=\"\" srcset=\"https:\/\/vivirmasfeliz.cl\/wordpress\/wp-content\/uploads\/2023\/08\/Leidy-Ramirez2-rotated.jpg 480w, https:\/\/vivirmasfeliz.cl\/wordpress\/wp-content\/uploads\/2023\/08\/Leidy-Ramirez2-300x400.jpg 300w\" sizes=\"auto, (max-width: 480px) 100vw, 480px\" \/>                         <\/div>\n          <\/div>\n         \n          <div class=\"box-text text-center dark\" >\n                <div class=\"box-text-inner\">\n                  <h4 class=\"uppercase\">\n                    <span class=\"person-name\">Leidy Ramirez<\/span><br\/>\n                    <span class=\"person-title is-small thin-font op-7\">\n                      coordinadora Administrativa                    <\/span>\n                  <\/h4>\n                                  \n\n<p>&nbsp;<\/p>\n\n                <\/div>\n          <\/div>\n    <\/div>\n\n    \n    \n\n\t\t<\/div>\n\t\t\t\t\t<\/div>\n\n\t\n\n\n<\/div>\n\n\t\t<\/div>\n\n\t\t\n<style>\n#section_306240370 {\n  padding-top: 30px;\n  padding-bottom: 30px;\n  background-color: #e5007e;\n}\n#section_306240370 .ux-shape-divider--top svg {\n  height: 150px;\n  --divider-top-width: 100%;\n}\n#section_306240370 .ux-shape-divider--bottom svg {\n  height: 150px;\n  --divider-width: 100%;\n}\n<\/style>\n\t<\/section>\n\t\n\t<section class=\"section\" id=\"section_831132541\">\n\t\t<div class=\"bg section-bg fill bg-fill  bg-loaded\" >\n\n\t\t\t\n\t\t\t\n\t\t\t\n\n\t\t<\/div>\n\n\t\t\n\n\t\t<div class=\"section-content relative\">\n\t\t\t\n\n<div class=\"container section-title-container\" ><h3 class=\"section-title section-title-center\"><b><\/b><span class=\"section-title-main\" >Terapias Complementarias Profesionales<\/span><b><\/b><\/h3><\/div>\n\n<div class=\"row align-center\"  id=\"row-1720339049\">\n\n\n\t<div id=\"col-580762582\" class=\"col medium-2 small-12 large-2\"  >\n\t\t\t\t<div class=\"col-inner\"  >\n\t\t\t\n\t\t\t\n\n    <div class=\"box has-hover has-hover box-text-bottom\" >\n\n                  <div class=\"box-image \" style=\"width:80%;\">\n           <div class=\"box-image-inner image-cover\" style=\"border-radius:100%;padding-top:100%;\">\n              <img loading=\"lazy\" decoding=\"async\" width=\"747\" height=\"745\" src=\"https:\/\/vivirmasfeliz.cl\/wordpress\/wp-content\/uploads\/2021\/07\/rodrigo.png\" class=\"attachment- size-\" alt=\"\" srcset=\"https:\/\/vivirmasfeliz.cl\/wordpress\/wp-content\/uploads\/2021\/07\/rodrigo.png 747w, https:\/\/vivirmasfeliz.cl\/wordpress\/wp-content\/uploads\/2021\/07\/rodrigo-401x400.png 401w, https:\/\/vivirmasfeliz.cl\/wordpress\/wp-content\/uploads\/2021\/07\/rodrigo-280x280.png 280w\" sizes=\"auto, (max-width: 747px) 100vw, 747px\" \/>                         <\/div>\n          <\/div>\n         \n          <div class=\"box-text text-center\" >\n                <div class=\"box-text-inner\">\n                  <h4 class=\"uppercase\">\n                    <span class=\"person-name\">Rodrigo Quiroga<\/span><br\/>\n                    <span class=\"person-title is-small thin-font op-7\">\n                      MUSICOTERAPIA                    <\/span>\n                  <\/h4>\n                                  \n\n<p>&nbsp;<\/p>\n\n                <\/div>\n          <\/div>\n    <\/div>\n\n    \n    \n\n\t\t<\/div>\n\t\t\t\t\t<\/div>\n\n\t\n\n\t<div id=\"col-1916075802\" class=\"col medium-2 small-12 large-2\"  >\n\t\t\t\t<div class=\"col-inner\"  >\n\t\t\t\n\t\t\t\n\n    <div class=\"box has-hover has-hover box-text-bottom\" >\n\n                  <div class=\"box-image \" style=\"width:80%;\">\n           <div class=\"box-image-inner image-cover\" style=\"border-radius:100%;padding-top:100%;\">\n              <img loading=\"lazy\" decoding=\"async\" width=\"297\" height=\"297\" src=\"https:\/\/vivirmasfeliz.cl\/wordpress\/wp-content\/uploads\/2021\/08\/WhatsApp-Image-2020-05-04-at-13.07.03.jpeg\" class=\"attachment- size-\" alt=\"\" srcset=\"https:\/\/vivirmasfeliz.cl\/wordpress\/wp-content\/uploads\/2021\/08\/WhatsApp-Image-2020-05-04-at-13.07.03.jpeg 297w, https:\/\/vivirmasfeliz.cl\/wordpress\/wp-content\/uploads\/2021\/08\/WhatsApp-Image-2020-05-04-at-13.07.03-280x280.jpeg 280w\" sizes=\"auto, (max-width: 297px) 100vw, 297px\" \/>                         <\/div>\n          <\/div>\n         \n          <div class=\"box-text text-center\" >\n                <div class=\"box-text-inner\">\n                  <h4 class=\"uppercase\">\n                    <span class=\"person-name\">Stefanie Fleddermann<\/span><br\/>\n                    <span class=\"person-title is-small thin-font op-7\">\n                      MUSICOTERAPIA                    <\/span>\n                  <\/h4>\n                                  \n\n\n                <\/div>\n          <\/div>\n    <\/div>\n\n    \n    \n\n\t\t<\/div>\n\t\t\t\t\t<\/div>\n\n\t\n\n\t<div id=\"col-69904716\" class=\"col medium-2 small-12 large-2\"  >\n\t\t\t\t<div class=\"col-inner\"  >\n\t\t\t\n\t\t\t\n\n    <div class=\"box has-hover has-hover box-text-bottom\" >\n\n                  <div class=\"box-image \" style=\"width:80%;\">\n           <div class=\"box-image-inner image-cover\" style=\"border-radius:100%;padding-top:100%;\">\n              <img loading=\"lazy\" decoding=\"async\" width=\"522\" height=\"520\" src=\"https:\/\/vivirmasfeliz.cl\/wordpress\/wp-content\/uploads\/2021\/08\/Imagen-1.png\" class=\"attachment- size-\" alt=\"\" srcset=\"https:\/\/vivirmasfeliz.cl\/wordpress\/wp-content\/uploads\/2021\/08\/Imagen-1.png 522w, https:\/\/vivirmasfeliz.cl\/wordpress\/wp-content\/uploads\/2021\/08\/Imagen-1-402x400.png 402w, https:\/\/vivirmasfeliz.cl\/wordpress\/wp-content\/uploads\/2021\/08\/Imagen-1-280x280.png 280w\" sizes=\"auto, (max-width: 522px) 100vw, 522px\" \/>                         <\/div>\n          <\/div>\n         \n          <div class=\"box-text text-center\" >\n                <div class=\"box-text-inner\">\n                  <h4 class=\"uppercase\">\n                    <span class=\"person-name\">Camila P\u00e9rez<\/span><br\/>\n                    <span class=\"person-title is-small thin-font op-7\">\n                      JUEGOTERAPIA                    <\/span>\n                  <\/h4>\n                                  \n\n\n                <\/div>\n          <\/div>\n    <\/div>\n\n    \n    \n\n\t\t<\/div>\n\t\t\t\t\t<\/div>\n\n\t\n\n\t<div id=\"col-540284054\" class=\"col medium-2 small-12 large-2\"  >\n\t\t\t\t<div class=\"col-inner\"  >\n\t\t\t\n\t\t\t\n\n    <div class=\"box has-hover has-hover box-text-bottom\" >\n\n                  <div class=\"box-image \" style=\"width:80%;\">\n           <div class=\"box-image-inner image-cover\" style=\"border-radius:100%;padding-top:100%;\">\n              <img loading=\"lazy\" decoding=\"async\" width=\"920\" height=\"918\" src=\"https:\/\/vivirmasfeliz.cl\/wordpress\/wp-content\/uploads\/2021\/08\/sussy.png\" class=\"attachment- size-\" alt=\"\" srcset=\"https:\/\/vivirmasfeliz.cl\/wordpress\/wp-content\/uploads\/2021\/08\/sussy.png 920w, https:\/\/vivirmasfeliz.cl\/wordpress\/wp-content\/uploads\/2021\/08\/sussy-401x400.png 401w, https:\/\/vivirmasfeliz.cl\/wordpress\/wp-content\/uploads\/2021\/08\/sussy-802x800.png 802w, https:\/\/vivirmasfeliz.cl\/wordpress\/wp-content\/uploads\/2021\/08\/sussy-280x280.png 280w, https:\/\/vivirmasfeliz.cl\/wordpress\/wp-content\/uploads\/2021\/08\/sussy-768x766.png 768w\" sizes=\"auto, (max-width: 920px) 100vw, 920px\" \/>                         <\/div>\n          <\/div>\n         \n          <div class=\"box-text text-center\" >\n                <div class=\"box-text-inner\">\n                  <h4 class=\"uppercase\">\n                    <span class=\"person-name\">Covadonga<\/span><br\/>\n                    <span class=\"person-title is-small thin-font op-7\">\n                      RISOTERAPIA de Crea Clown                    <\/span>\n                  <\/h4>\n                                  \n\n\n                <\/div>\n          <\/div>\n    <\/div>\n\n    \n    \n\n\t\t<\/div>\n\t\t\t\t\t<\/div>\n\n\t\n\n\t<div id=\"col-1044480926\" class=\"col medium-2 small-12 large-2\"  >\n\t\t\t\t<div class=\"col-inner\"  >\n\t\t\t\n\t\t\t\n\n    <div class=\"box has-hover has-hover box-text-bottom\" >\n\n                  <div class=\"box-image \" style=\"width:80%;\">\n           <div class=\"box-image-inner image-cover\" style=\"border-radius:100%;padding-top:100%;\">\n              <img loading=\"lazy\" decoding=\"async\" width=\"251\" height=\"251\" src=\"https:\/\/vivirmasfeliz.cl\/wordpress\/wp-content\/uploads\/2021\/08\/riso.jpeg\" class=\"attachment- size-\" alt=\"\" \/>                         <\/div>\n          <\/div>\n         \n          <div class=\"box-text text-center\" >\n                <div class=\"box-text-inner\">\n                  <h4 class=\"uppercase\">\n                    <span class=\"person-name\">Menopausia Sin Bochornos<\/span><br\/>\n                    <span class=\"person-title is-small thin-font op-7\">\n                      RISOTERAPIA de Crea Clown                    <\/span>\n                  <\/h4>\n                                  \n\n\n                <\/div>\n          <\/div>\n    <\/div>\n\n    \n    \n\n\t\t<\/div>\n\t\t\t\t\t<\/div>\n\n\t\n\n<\/div>\n<div class=\"row align-center\"  id=\"row-276410601\">\n\n\n\t<div id=\"col-1167949385\" class=\"col medium-2 small-12 large-2\"  >\n\t\t\t\t<div class=\"col-inner\"  >\n\t\t\t\n\t\t\t\n\n    <div class=\"box has-hover has-hover box-text-bottom\" >\n\n                  <div class=\"box-image \" style=\"width:80%;\">\n           <div class=\"box-image-inner image-cover\" style=\"border-radius:100%;padding-top:100%;\">\n              <img loading=\"lazy\" decoding=\"async\" width=\"630\" height=\"630\" src=\"https:\/\/vivirmasfeliz.cl\/wordpress\/wp-content\/uploads\/2021\/08\/WhatsApp-Image-2020-05-04-at-13.07.01.jpeg\" class=\"attachment- size-\" alt=\"\" srcset=\"https:\/\/vivirmasfeliz.cl\/wordpress\/wp-content\/uploads\/2021\/08\/WhatsApp-Image-2020-05-04-at-13.07.01.jpeg 630w, https:\/\/vivirmasfeliz.cl\/wordpress\/wp-content\/uploads\/2021\/08\/WhatsApp-Image-2020-05-04-at-13.07.01-400x400.jpeg 400w, https:\/\/vivirmasfeliz.cl\/wordpress\/wp-content\/uploads\/2021\/08\/WhatsApp-Image-2020-05-04-at-13.07.01-280x280.jpeg 280w\" sizes=\"auto, (max-width: 630px) 100vw, 630px\" \/>                         <\/div>\n          <\/div>\n         \n          <div class=\"box-text text-center\" >\n                <div class=\"box-text-inner\">\n                  <h4 class=\"uppercase\">\n                    <span class=\"person-name\">Furia<\/span><br\/>\n                    <span class=\"person-title is-small thin-font op-7\">\n                      RISOTERAPIA de Crea Clown                    <\/span>\n                  <\/h4>\n                                  \n\n<p>&nbsp;<\/p>\n\n                <\/div>\n          <\/div>\n    <\/div>\n\n    \n    \n\n\t\t<\/div>\n\t\t\t\t\t<\/div>\n\n\t\n\n\t<div id=\"col-1494431211\" class=\"col medium-2 small-12 large-2\"  >\n\t\t\t\t<div class=\"col-inner\"  >\n\t\t\t\n\t\t\t\n\n    <div class=\"box has-hover has-hover box-text-bottom\" >\n\n                  <div class=\"box-image \" style=\"width:80%;\">\n           <div class=\"box-image-inner image-cover\" style=\"border-radius:100%;padding-top:100%;\">\n              <img loading=\"lazy\" decoding=\"async\" width=\"1080\" height=\"1350\" src=\"https:\/\/vivirmasfeliz.cl\/wordpress\/wp-content\/uploads\/2021\/11\/watchiquetereeeee.jpeg\" class=\"attachment- size-\" alt=\"\" srcset=\"https:\/\/vivirmasfeliz.cl\/wordpress\/wp-content\/uploads\/2021\/11\/watchiquetereeeee.jpeg 1080w, https:\/\/vivirmasfeliz.cl\/wordpress\/wp-content\/uploads\/2021\/11\/watchiquetereeeee-320x400.jpeg 320w, https:\/\/vivirmasfeliz.cl\/wordpress\/wp-content\/uploads\/2021\/11\/watchiquetereeeee-640x800.jpeg 640w, https:\/\/vivirmasfeliz.cl\/wordpress\/wp-content\/uploads\/2021\/11\/watchiquetereeeee-768x960.jpeg 768w\" sizes=\"auto, (max-width: 1080px) 100vw, 1080px\" \/>                         <\/div>\n          <\/div>\n         \n          <div class=\"box-text text-center\" >\n                <div class=\"box-text-inner\">\n                  <h4 class=\"uppercase\">\n                    <span class=\"person-name\">Watchiquetere<\/span><br\/>\n                    <span class=\"person-title is-small thin-font op-7\">\n                      RISOTERAPIA de Crea Clown                    <\/span>\n                  <\/h4>\n                                  \n\n\n                <\/div>\n          <\/div>\n    <\/div>\n\n    \n    \n\n\t\t<\/div>\n\t\t\t\t\t<\/div>\n\n\t\n\n\t<div id=\"col-652576514\" class=\"col medium-2 small-12 large-2\"  >\n\t\t\t\t<div class=\"col-inner\"  >\n\t\t\t\n\t\t\t\n\n    <div class=\"box has-hover has-hover box-text-bottom\" >\n\n                  <div class=\"box-image \" style=\"width:80%;\">\n           <div class=\"box-image-inner image-cover\" style=\"border-radius:100%;padding-top:100%;\">\n              <img loading=\"lazy\" decoding=\"async\" width=\"1080\" height=\"1350\" src=\"https:\/\/vivirmasfeliz.cl\/wordpress\/wp-content\/uploads\/2021\/11\/Souvenir.jpeg\" class=\"attachment- size-\" alt=\"\" srcset=\"https:\/\/vivirmasfeliz.cl\/wordpress\/wp-content\/uploads\/2021\/11\/Souvenir.jpeg 1080w, https:\/\/vivirmasfeliz.cl\/wordpress\/wp-content\/uploads\/2021\/11\/Souvenir-320x400.jpeg 320w, https:\/\/vivirmasfeliz.cl\/wordpress\/wp-content\/uploads\/2021\/11\/Souvenir-640x800.jpeg 640w, https:\/\/vivirmasfeliz.cl\/wordpress\/wp-content\/uploads\/2021\/11\/Souvenir-768x960.jpeg 768w\" sizes=\"auto, (max-width: 1080px) 100vw, 1080px\" \/>                         <\/div>\n          <\/div>\n         \n          <div class=\"box-text text-center\" >\n                <div class=\"box-text-inner\">\n                  <h4 class=\"uppercase\">\n                    <span class=\"person-name\">Souvenir<\/span><br\/>\n                    <span class=\"person-title is-small thin-font op-7\">\n                      RISOTERAPIA de Crea Clown                    <\/span>\n                  <\/h4>\n                                  \n\n\n                <\/div>\n          <\/div>\n    <\/div>\n\n    \n    \n\n\t\t<\/div>\n\t\t\t\t\t<\/div>\n\n\t\n\n\t<div id=\"col-718591937\" class=\"col medium-2 small-12 large-2\"  >\n\t\t\t\t<div class=\"col-inner\"  >\n\t\t\t\n\t\t\t\n\n\n\t\t<\/div>\n\t\t\t\t\t<\/div>\n\n\t\n\n\t<div id=\"col-1025538674\" class=\"col medium-2 small-12 large-2\"  >\n\t\t\t\t<div class=\"col-inner\"  >\n\t\t\t\n\t\t\t\n\n    <div class=\"box has-hover hidden has-hover box-text-bottom\" >\n\n                  <div class=\"box-image \" style=\"width:80%;\">\n           <div class=\"box-image-inner image-cover\" style=\"border-radius:100%;padding-top:100%;\">\n              <img loading=\"lazy\" decoding=\"async\" width=\"1024\" height=\"995\" src=\"https:\/\/vivirmasfeliz.cl\/wordpress\/wp-content\/uploads\/2021\/08\/VIVI.jpg\" class=\"attachment- size-\" alt=\"\" srcset=\"https:\/\/vivirmasfeliz.cl\/wordpress\/wp-content\/uploads\/2021\/08\/VIVI.jpg 1024w, https:\/\/vivirmasfeliz.cl\/wordpress\/wp-content\/uploads\/2021\/08\/VIVI-412x400.jpg 412w, https:\/\/vivirmasfeliz.cl\/wordpress\/wp-content\/uploads\/2021\/08\/VIVI-823x800.jpg 823w, https:\/\/vivirmasfeliz.cl\/wordpress\/wp-content\/uploads\/2021\/08\/VIVI-768x746.jpg 768w\" sizes=\"auto, (max-width: 1024px) 100vw, 1024px\" \/>                         <\/div>\n          <\/div>\n         \n          <div class=\"box-text text-center\" >\n                <div class=\"box-text-inner\">\n                  <h4 class=\"uppercase\">\n                    <span class=\"person-name\">Viviana Rosenberg<\/span><br\/>\n                    <span class=\"person-title is-small thin-font op-7\">\n                      DIRECTORA ARAUCAN\u00cdA                    <\/span>\n                  <\/h4>\n                                  \n\n\n                <\/div>\n          <\/div>\n    <\/div>\n\n    \n    \n\n\t\t<\/div>\n\t\t\t\t\t<\/div>\n\n\t\n\n\t<div id=\"col-440834938\" class=\"col medium-2 small-12 large-2\"  >\n\t\t\t\t<div class=\"col-inner\"  >\n\t\t\t\n\t\t\t\n\n    <div class=\"box has-hover hidden has-hover box-text-bottom\" >\n\n                  <div class=\"box-image \" style=\"width:80%;\">\n           <div class=\"box-image-inner image-cover\" style=\"border-radius:100%;padding-top:100%;\">\n              <img loading=\"lazy\" decoding=\"async\" width=\"1024\" height=\"995\" src=\"https:\/\/vivirmasfeliz.cl\/wordpress\/wp-content\/uploads\/2021\/08\/Alan.jpg\" class=\"attachment- size-\" alt=\"\" srcset=\"https:\/\/vivirmasfeliz.cl\/wordpress\/wp-content\/uploads\/2021\/08\/Alan.jpg 1024w, https:\/\/vivirmasfeliz.cl\/wordpress\/wp-content\/uploads\/2021\/08\/Alan-412x400.jpg 412w, https:\/\/vivirmasfeliz.cl\/wordpress\/wp-content\/uploads\/2021\/08\/Alan-823x800.jpg 823w, https:\/\/vivirmasfeliz.cl\/wordpress\/wp-content\/uploads\/2021\/08\/Alan-768x746.jpg 768w\" sizes=\"auto, (max-width: 1024px) 100vw, 1024px\" \/>                         <\/div>\n          <\/div>\n         \n          <div class=\"box-text text-center\" >\n                <div class=\"box-text-inner\">\n                  <h4 class=\"uppercase\">\n                    <span class=\"person-name\">Alan Weschler<\/span><br\/>\n                    <span class=\"person-title is-small thin-font op-7\">\n                      DIRECTOR                    <\/span>\n                  <\/h4>\n                                  \n\n\n                <\/div>\n          <\/div>\n    <\/div>\n\n    \n    \n\n\t\t<\/div>\n\t\t\t\t\t<\/div>\n\n\t\n\n<\/div>\n\n\t\t<\/div>\n\n\t\t\n<style>\n#section_831132541 {\n  padding-top: 30px;\n  padding-bottom: 30px;\n}\n#section_831132541 .ux-shape-divider--top svg {\n  height: 150px;\n  --divider-top-width: 100%;\n}\n#section_831132541 .ux-shape-divider--bottom svg {\n  height: 150px;\n  --divider-width: 100%;\n}\n<\/style>\n\t<\/section>\n\t\n\t<section class=\"section\" id=\"section_326164304\">\n\t\t<div class=\"bg section-bg fill bg-fill  bg-loaded\" >\n\n\t\t\t\n\t\t\t\n\t\t\t\n\n\t\t<\/div>\n\n\t\t\n\n\t\t<div class=\"section-content relative\">\n\t\t\t\n\n<div class=\"container section-title-container\" ><h3 class=\"section-title section-title-center\"><b><\/b><span class=\"section-title-main\" >ALIANZAS Y RECONOCIMIENTOS<\/span><b><\/b><\/h3><\/div>\n\n<div class=\"row align-center\"  id=\"row-264652923\">\n\n\n\t<div id=\"col-814789662\" class=\"col medium-3 small-12 large-3\"  >\n\t\t\t\t<div class=\"col-inner\"  >\n\t\t\t\n\t\t\t\n\n\t<div class=\"box has-hover   has-hover box-text-bottom\" >\n\n\t\t<div class=\"box-image\" >\n\t\t\t\t\t\t<div class=\"\" >\n\t\t\t\t<img loading=\"lazy\" decoding=\"async\" width=\"591\" height=\"589\" src=\"https:\/\/vivirmasfeliz.cl\/wordpress\/wp-content\/uploads\/2021\/07\/stjude.png\" class=\"attachment- size-\" alt=\"\" srcset=\"https:\/\/vivirmasfeliz.cl\/wordpress\/wp-content\/uploads\/2021\/07\/stjude.png 591w, https:\/\/vivirmasfeliz.cl\/wordpress\/wp-content\/uploads\/2021\/07\/stjude-401x400.png 401w, https:\/\/vivirmasfeliz.cl\/wordpress\/wp-content\/uploads\/2021\/07\/stjude-280x280.png 280w\" sizes=\"auto, (max-width: 591px) 100vw, 591px\" \/>\t\t\t\t\t\t\t\t\t\t\t<\/div>\n\t\t\t\t\t<\/div>\n\n\t\t<div class=\"box-text text-center\" >\n\t\t\t<div class=\"box-text-inner\">\n\t\t\t\t\n\n<h4>St Jude<\/h4>\n<p>&nbsp;<\/p>\n\n\t\t\t<\/div>\n\t\t<\/div>\n\t<\/div>\n\t\n\n\t\t<\/div>\n\t\t\t\t\t<\/div>\n\n\t\n\n\t<div id=\"col-340974843\" class=\"col medium-3 small-12 large-3\"  >\n\t\t\t\t<div class=\"col-inner\"  >\n\t\t\t\n\t\t\t\n\n\t<div class=\"box has-hover   has-hover box-text-bottom\" >\n\n\t\t<div class=\"box-image\" >\n\t\t\t\t\t\t<div class=\"\" >\n\t\t\t\t<img loading=\"lazy\" decoding=\"async\" width=\"284\" height=\"284\" src=\"https:\/\/vivirmasfeliz.cl\/wordpress\/wp-content\/uploads\/2021\/08\/pinda.png\" class=\"attachment- size-\" alt=\"\" srcset=\"https:\/\/vivirmasfeliz.cl\/wordpress\/wp-content\/uploads\/2021\/08\/pinda.png 284w, https:\/\/vivirmasfeliz.cl\/wordpress\/wp-content\/uploads\/2021\/08\/pinda-280x280.png 280w\" sizes=\"auto, (max-width: 284px) 100vw, 284px\" \/>\t\t\t\t\t\t\t\t\t\t\t<\/div>\n\t\t\t\t\t<\/div>\n\n\t\t<div class=\"box-text text-center\" >\n\t\t\t<div class=\"box-text-inner\">\n\t\t\t\t\n\n<h4>Programa Nacional de C\u00e1ncer Infantil &#8211; Chile<\/h4>\n<p>&nbsp;<\/p>\n\n\t\t\t<\/div>\n\t\t<\/div>\n\t<\/div>\n\t\n\n\t\t<\/div>\n\t\t\t\t\t<\/div>\n\n\t\n\n\t<div id=\"col-1568075114\" class=\"col medium-3 small-12 large-3\"  >\n\t\t\t\t<div class=\"col-inner\"  >\n\t\t\t\n\t\t\t\n\n\t<div class=\"box has-hover   has-hover box-text-bottom\" >\n\n\t\t<div class=\"box-image\" >\n\t\t\t\t\t\t<div class=\"\" >\n\t\t\t\t<img loading=\"lazy\" decoding=\"async\" width=\"1024\" height=\"995\" src=\"https:\/\/vivirmasfeliz.cl\/wordpress\/wp-content\/uploads\/2021\/08\/calvo.jpeg\" class=\"attachment- size-\" alt=\"\" srcset=\"https:\/\/vivirmasfeliz.cl\/wordpress\/wp-content\/uploads\/2021\/08\/calvo.jpeg 1024w, https:\/\/vivirmasfeliz.cl\/wordpress\/wp-content\/uploads\/2021\/08\/calvo-412x400.jpeg 412w, https:\/\/vivirmasfeliz.cl\/wordpress\/wp-content\/uploads\/2021\/08\/calvo-823x800.jpeg 823w, https:\/\/vivirmasfeliz.cl\/wordpress\/wp-content\/uploads\/2021\/08\/calvo-768x746.jpeg 768w\" sizes=\"auto, (max-width: 1024px) 100vw, 1024px\" \/>\t\t\t\t\t\t\t\t\t\t\t<\/div>\n\t\t\t\t\t<\/div>\n\n\t\t<div class=\"box-text text-center\" >\n\t\t\t<div class=\"box-text-inner\">\n\t\t\t\t\n\n<h4>Hospital Dr. Luis Calvo Mackenna<\/h4>\n<p>&nbsp;<\/p>\n\n\t\t\t<\/div>\n\t\t<\/div>\n\t<\/div>\n\t\n\n\t\t<\/div>\n\t\t\t\t\t<\/div>\n\n\t\n\n\t<div id=\"col-1898996874\" class=\"col medium-3 small-12 large-3\"  >\n\t\t\t\t<div class=\"col-inner\"  >\n\t\t\t\n\t\t\t\n\n\t<div class=\"box has-hover   has-hover box-text-bottom\" >\n\n\t\t<div class=\"box-image\" >\n\t\t\t\t\t\t<div class=\"\" >\n\t\t\t\t<img loading=\"lazy\" decoding=\"async\" width=\"1024\" height=\"995\" src=\"https:\/\/vivirmasfeliz.cl\/wordpress\/wp-content\/uploads\/2021\/08\/aravena.jpeg\" class=\"attachment- size-\" alt=\"\" srcset=\"https:\/\/vivirmasfeliz.cl\/wordpress\/wp-content\/uploads\/2021\/08\/aravena.jpeg 1024w, https:\/\/vivirmasfeliz.cl\/wordpress\/wp-content\/uploads\/2021\/08\/aravena-412x400.jpeg 412w, https:\/\/vivirmasfeliz.cl\/wordpress\/wp-content\/uploads\/2021\/08\/aravena-823x800.jpeg 823w, https:\/\/vivirmasfeliz.cl\/wordpress\/wp-content\/uploads\/2021\/08\/aravena-768x746.jpeg 768w\" sizes=\"auto, (max-width: 1024px) 100vw, 1024px\" \/>\t\t\t\t\t\t\t\t\t\t\t<\/div>\n\t\t\t\t\t<\/div>\n\n\t\t<div class=\"box-text text-center\" >\n\t\t\t<div class=\"box-text-inner\">\n\t\t\t\t\n\n<h4>Hospital Dr. Hern\u00e1n Henr\u00edquez Aravena de Temuco<\/h4>\n<p>&nbsp;<\/p>\n\n\t\t\t<\/div>\n\t\t<\/div>\n\t<\/div>\n\t\n\n\t\t<\/div>\n\t\t\t\t\t<\/div>\n\n\t\n\n<\/div>\n<div class=\"row align-center\"  id=\"row-2017411860\">\n\n\n\t<div id=\"col-1857538031\" class=\"col medium-3 small-12 large-3\"  >\n\t\t\t\t<div class=\"col-inner\"  >\n\t\t\t\n\t\t\t\n\n\t<div class=\"box has-hover   has-hover box-text-bottom\" >\n\n\t\t<div class=\"box-image\" >\n\t\t\t\t\t\t<div class=\"\" >\n\t\t\t\t<img loading=\"lazy\" decoding=\"async\" width=\"531\" height=\"531\" src=\"https:\/\/vivirmasfeliz.cl\/wordpress\/wp-content\/uploads\/2021\/08\/solidarios.png\" class=\"attachment- size-\" alt=\"\" srcset=\"https:\/\/vivirmasfeliz.cl\/wordpress\/wp-content\/uploads\/2021\/08\/solidarios.png 531w, https:\/\/vivirmasfeliz.cl\/wordpress\/wp-content\/uploads\/2021\/08\/solidarios-400x400.png 400w, https:\/\/vivirmasfeliz.cl\/wordpress\/wp-content\/uploads\/2021\/08\/solidarios-280x280.png 280w\" sizes=\"auto, (max-width: 531px) 100vw, 531px\" \/>\t\t\t\t\t\t\t\t\t\t\t<\/div>\n\t\t\t\t\t<\/div>\n\n\t\t<div class=\"box-text text-center\" >\n\t\t\t<div class=\"box-text-inner\">\n\t\t\t\t\n\n<h4>Comunidad de Organizaciones Solidarias<\/h4>\n<p>&nbsp;<\/p>\n\n\t\t\t<\/div>\n\t\t<\/div>\n\t<\/div>\n\t\n\n\t\t<\/div>\n\t\t\t\t\t<\/div>\n\n\t\n\n\t<div id=\"col-1300224308\" class=\"col medium-3 small-12 large-3\"  >\n\t\t\t\t<div class=\"col-inner\"  >\n\t\t\t\n\t\t\t\n\n\t<div class=\"box has-hover   has-hover box-text-bottom\" >\n\n\t\t<div class=\"box-image\" >\n\t\t\t\t\t\t<div class=\"\" >\n\t\t\t\t<img loading=\"lazy\" decoding=\"async\" width=\"1024\" height=\"995\" src=\"https:\/\/vivirmasfeliz.cl\/wordpress\/wp-content\/uploads\/2021\/08\/avonni.jpeg\" class=\"attachment- size-\" alt=\"\" srcset=\"https:\/\/vivirmasfeliz.cl\/wordpress\/wp-content\/uploads\/2021\/08\/avonni.jpeg 1024w, https:\/\/vivirmasfeliz.cl\/wordpress\/wp-content\/uploads\/2021\/08\/avonni-412x400.jpeg 412w, https:\/\/vivirmasfeliz.cl\/wordpress\/wp-content\/uploads\/2021\/08\/avonni-823x800.jpeg 823w, https:\/\/vivirmasfeliz.cl\/wordpress\/wp-content\/uploads\/2021\/08\/avonni-768x746.jpeg 768w\" sizes=\"auto, (max-width: 1024px) 100vw, 1024px\" \/>\t\t\t\t\t\t\t\t\t\t\t<\/div>\n\t\t\t\t\t<\/div>\n\n\t\t<div class=\"box-text text-center\" >\n\t\t\t<div class=\"box-text-inner\">\n\t\t\t\t\n\n<h4>Avonni<\/h4>\n<p>&nbsp;<\/p>\n\n\t\t\t<\/div>\n\t\t<\/div>\n\t<\/div>\n\t\n\n\t\t<\/div>\n\t\t\t\t\t<\/div>\n\n\t\n\n\t<div id=\"col-1923244334\" class=\"col medium-3 small-12 large-3\"  >\n\t\t\t\t<div class=\"col-inner\"  >\n\t\t\t\n\t\t\t\n\n\t<div class=\"box has-hover   has-hover box-text-bottom\" >\n\n\t\t<div class=\"box-image\" >\n\t\t\t\t\t\t<div class=\"\" >\n\t\t\t\t<img loading=\"lazy\" decoding=\"async\" width=\"531\" height=\"531\" src=\"https:\/\/vivirmasfeliz.cl\/wordpress\/wp-content\/uploads\/2021\/08\/teva.png\" class=\"attachment- size-\" alt=\"\" srcset=\"https:\/\/vivirmasfeliz.cl\/wordpress\/wp-content\/uploads\/2021\/08\/teva.png 531w, https:\/\/vivirmasfeliz.cl\/wordpress\/wp-content\/uploads\/2021\/08\/teva-400x400.png 400w, https:\/\/vivirmasfeliz.cl\/wordpress\/wp-content\/uploads\/2021\/08\/teva-280x280.png 280w\" sizes=\"auto, (max-width: 531px) 100vw, 531px\" \/>\t\t\t\t\t\t\t\t\t\t\t<\/div>\n\t\t\t\t\t<\/div>\n\n\t\t<div class=\"box-text text-center\" >\n\t\t\t<div class=\"box-text-inner\">\n\t\t\t\t\n\n<h4>Premio Mejores d\u00edas de TEVA &#8211; LabChile<\/h4>\n<p>&nbsp;<\/p>\n\n\t\t\t<\/div>\n\t\t<\/div>\n\t<\/div>\n\t\n\n\t\t<\/div>\n\t\t\t\t\t<\/div>\n\n\t\n\n\t<div id=\"col-1231472373\" class=\"col medium-3 small-12 large-3\"  >\n\t\t\t\t<div class=\"col-inner\"  >\n\t\t\t\n\t\t\t\n\n\t<div class=\"box has-hover   has-hover box-text-bottom\" >\n\n\t\t<div class=\"box-image\" >\n\t\t\t\t\t\t<div class=\"\" >\n\t\t\t\t<img loading=\"lazy\" decoding=\"async\" width=\"1024\" height=\"995\" src=\"https:\/\/vivirmasfeliz.cl\/wordpress\/wp-content\/uploads\/2021\/08\/sellomas.jpeg\" class=\"attachment- size-\" alt=\"\" srcset=\"https:\/\/vivirmasfeliz.cl\/wordpress\/wp-content\/uploads\/2021\/08\/sellomas.jpeg 1024w, https:\/\/vivirmasfeliz.cl\/wordpress\/wp-content\/uploads\/2021\/08\/sellomas-412x400.jpeg 412w, https:\/\/vivirmasfeliz.cl\/wordpress\/wp-content\/uploads\/2021\/08\/sellomas-823x800.jpeg 823w, https:\/\/vivirmasfeliz.cl\/wordpress\/wp-content\/uploads\/2021\/08\/sellomas-768x746.jpeg 768w\" sizes=\"auto, (max-width: 1024px) 100vw, 1024px\" \/>\t\t\t\t\t\t\t\t\t\t\t<\/div>\n\t\t\t\t\t<\/div>\n\n\t\t<div class=\"box-text text-center\" >\n\t\t\t<div class=\"box-text-inner\">\n\t\t\t\t\n\n<h4>Sello m\u00e1s por Chile<\/h4>\n<p>&nbsp;<\/p>\n\n\t\t\t<\/div>\n\t\t<\/div>\n\t<\/div>\n\t\n\n\t\t<\/div>\n\t\t\t\t\t<\/div>\n\n\t\n\n<\/div>\n\n\t\t<\/div>\n\n\t\t\n<style>\n#section_326164304 {\n  padding-top: 30px;\n  padding-bottom: 30px;\n}\n#section_326164304 .ux-shape-divider--top svg {\n  height: 150px;\n  --divider-top-width: 100%;\n}\n#section_326164304 .ux-shape-divider--bottom svg {\n  height: 150px;\n  --divider-width: 100%;\n}\n<\/style>\n\t<\/section>\n\t\n\n","protected":false},"excerpt":{"rendered":"","protected":false},"author":1,"featured_media":0,"parent":0,"menu_order":0,"comment_status":"closed","ping_status":"closed","template":"page-blank.php","meta":{"_themeisle_gutenberg_block_has_review":false,"footnotes":""},"class_list":["post-1250","page","type-page","status-publish","hentry"],"acf":[],"_links":{"self":[{"href":"https:\/\/vivirmasfeliz.cl\/wordpress\/wp-json\/wp\/v2\/pages\/1250","targetHints":{"allow":["GET"]}}],"collection":[{"href":"https:\/\/vivirmasfeliz.cl\/wordpress\/wp-json\/wp\/v2\/pages"}],"about":[{"href":"https:\/\/vivirmasfeliz.cl\/wordpress\/wp-json\/wp\/v2\/types\/page"}],"author":[{"embeddable":true,"href":"https:\/\/vivirmasfeliz.cl\/wordpress\/wp-json\/wp\/v2\/users\/1"}],"replies":[{"embeddable":true,"href":"https:\/\/vivirmasfeliz.cl\/wordpress\/wp-json\/wp\/v2\/comments?post=1250"}],"version-history":[{"count":41,"href":"https:\/\/vivirmasfeliz.cl\/wordpress\/wp-json\/wp\/v2\/pages\/1250\/revisions"}],"predecessor-version":[{"id":2368,"href":"https:\/\/vivirmasfeliz.cl\/wordpress\/wp-json\/wp\/v2\/pages\/1250\/revisions\/2368"}],"wp:attachment":[{"href":"https:\/\/vivirmasfeliz.cl\/wordpress\/wp-json\/wp\/v2\/media?parent=1250"}],"curies":[{"name":"wp","href":"https:\/\/api.w.org\/{rel}","templated":true}]}}